{"id":1125,"date":"2021-04-26T09:38:21","date_gmt":"2021-04-26T09:38:21","guid":{"rendered":"https:\/\/rauhankasvatus.fi\/staging\/?page_id=1125"},"modified":"2025-01-13T07:36:18","modified_gmt":"2025-01-13T07:36:18","slug":"hallitus","status":"publish","type":"page","link":"https:\/\/rauhankasvatus.fi\/staging\/hallitus\/","title":{"rendered":"Hallitus"},"content":{"rendered":"\t\t<div data-elementor-type=\"wp-page\" data-elementor-id=\"1125\" class=\"elementor elementor-1125\" data-elementor-post-type=\"page\">\n\t\t\t\t\t\t<section class=\"elementor-section elementor-top-section elementor-element elementor-element-4cb561b8 elementor-section-boxed elementor-section-height-default elementor-section-height-default\" data-id=\"4cb561b8\" data-element_type=\"section\" data-e-type=\"section\" data-settings=\"{&quot;background_background&quot;:&quot;classic&quot;}\">\n\t\t\t\t\t\t<div class=\"elementor-container elementor-column-gap-default\">\n\t\t\t\t\t<div class=\"elementor-column elementor-col-100 elementor-top-column elementor-element elementor-element-72a28d24\" data-id=\"72a28d24\" data-element_type=\"column\" data-e-type=\"column\">\n\t\t\t<div class=\"elementor-widget-wrap elementor-element-populated\">\n\t\t\t\t\t\t<div class=\"elementor-element elementor-element-9c5d821 elementor-widget elementor-widget-heading\" data-id=\"9c5d821\" data-element_type=\"widget\" data-e-type=\"widget\" data-widget_type=\"heading.default\">\n\t\t\t\t<div class=\"elementor-widget-container\">\n\t\t\t\t\t<h1 class=\"elementor-heading-title elementor-size-default\">Rauhankasvatusinstituutin hallitus vuodelle 2025<\/h1>\t\t\t\t<\/div>\n\t\t\t\t<\/div>\n\t\t\t\t\t<\/div>\n\t\t<\/div>\n\t\t\t\t\t<\/div>\n\t\t<\/section>\n\t\t\t\t<section class=\"elementor-section elementor-top-section elementor-element elementor-element-796c4c74 elementor-section-boxed elementor-section-height-default elementor-section-height-default\" data-id=\"796c4c74\" data-element_type=\"section\" data-e-type=\"section\">\n\t\t\t\t\t\t<div class=\"elementor-container elementor-column-gap-default\">\n\t\t\t\t\t<div class=\"elementor-column elementor-col-100 elementor-top-column elementor-element elementor-element-2a7bd398\" data-id=\"2a7bd398\" data-element_type=\"column\" data-e-type=\"column\">\n\t\t\t<div class=\"elementor-widget-wrap elementor-element-populated\">\n\t\t\t\t\t\t<div class=\"elementor-element elementor-element-2120aec elementor-hidden-tablet elementor-widget elementor-widget-spacer\" data-id=\"2120aec\" data-element_type=\"widget\" data-e-type=\"widget\" data-widget_type=\"spacer.default\">\n\t\t\t\t<div class=\"elementor-widget-container\">\n\t\t\t\t\t\t\t<div class=\"elementor-spacer\">\n\t\t\t<div class=\"elementor-spacer-inner\"><\/div>\n\t\t<\/div>\n\t\t\t\t\t\t<\/div>\n\t\t\t\t<\/div>\n\t\t\t\t\t<\/div>\n\t\t<\/div>\n\t\t\t\t\t<\/div>\n\t\t<\/section>\n\t\t\t\t<section class=\"elementor-section elementor-top-section elementor-element elementor-element-673566a0 elementor-section-boxed elementor-section-height-default elementor-section-height-default\" data-id=\"673566a0\" data-element_type=\"section\" data-e-type=\"section\">\n\t\t\t\t\t\t<div class=\"elementor-container elementor-column-gap-default\">\n\t\t\t\t\t<div class=\"elementor-column elementor-col-16 elementor-top-column elementor-element elementor-element-2eb139e6\" data-id=\"2eb139e6\" data-element_type=\"column\" data-e-type=\"column\">\n\t\t\t<div class=\"elementor-widget-wrap\">\n\t\t\t\t\t\t\t<\/div>\n\t\t<\/div>\n\t\t\t\t<div class=\"elementor-column elementor-col-66 elementor-top-column elementor-element elementor-element-18b11467\" data-id=\"18b11467\" data-element_type=\"column\" data-e-type=\"column\">\n\t\t\t<div class=\"elementor-widget-wrap elementor-element-populated\">\n\t\t\t\t\t\t<div class=\"elementor-element elementor-element-622fa1f4 elementor-widget elementor-widget-text-editor\" data-id=\"622fa1f4\" data-element_type=\"widget\" data-e-type=\"widget\" data-widget_type=\"text-editor.default\">\n\t\t\t\t<div class=\"elementor-widget-container\">\n\t\t\t\t\t\t\t\t\t<p>RKI:n hallituksen j\u00e4senet 2025 ovat p\u00e4\u00e4t\u00f6ksenteon, koulutuksen, nuorisoty\u00f6n, rauhan ja yhdenvertaisuuden ammattilaisia.<\/p><ul><li>Inka Hopsu, puheenjohtaja<\/li><li>Anne-Mari Souto, varapuheenjohtaja<\/li><li>Ava Dahlvik<\/li><li>Ida Giardini<\/li><li>Milla Ilonen<\/li><li>Juulia J\u00e4rvenp\u00e4\u00e4<\/li><li>Zahra Karimy<\/li><li>Tomi Kiilakoski<\/li><li>Suvi Lappalainen<\/li><li>Hannaneh Mahmoudian<\/li><li>Elisa Sarpo<\/li><li>Leena Suurp\u00e4\u00e4<\/li><li>Timo Virtala<\/li><\/ul>\t\t\t\t\t\t\t\t<\/div>\n\t\t\t\t<\/div>\n\t\t\t\t\t<\/div>\n\t\t<\/div>\n\t\t\t\t<div class=\"elementor-column elementor-col-16 elementor-top-column elementor-element elementor-element-21cfefa3\" data-id=\"21cfefa3\" data-element_type=\"column\" data-e-type=\"column\">\n\t\t\t<div class=\"elementor-widget-wrap\">\n\t\t\t\t\t\t\t<\/div>\n\t\t<\/div>\n\t\t\t\t\t<\/div>\n\t\t<\/section>\n\t\t\t\t<section class=\"elementor-section elementor-top-section elementor-element elementor-element-47d7bcb0 elementor-section-boxed elementor-section-height-default elementor-section-height-default\" data-id=\"47d7bcb0\" data-element_type=\"section\" data-e-type=\"section\">\n\t\t\t\t\t\t<div class=\"elementor-container elementor-column-gap-default\">\n\t\t\t\t\t<div class=\"elementor-column elementor-col-100 elementor-top-column elementor-element elementor-element-2865eb0c\" data-id=\"2865eb0c\" data-element_type=\"column\" data-e-type=\"column\">\n\t\t\t<div class=\"elementor-widget-wrap elementor-element-populated\">\n\t\t\t\t\t\t<div class=\"elementor-element elementor-element-7703adc8 elementor-widget elementor-widget-spacer\" data-id=\"7703adc8\" data-element_type=\"widget\" data-e-type=\"widget\" data-widget_type=\"spacer.default\">\n\t\t\t\t<div class=\"elementor-widget-container\">\n\t\t\t\t\t\t\t<div class=\"elementor-spacer\">\n\t\t\t<div class=\"elementor-spacer-inner\"><\/div>\n\t\t<\/div>\n\t\t\t\t\t\t<\/div>\n\t\t\t\t<\/div>\n\t\t\t\t\t<\/div>\n\t\t<\/div>\n\t\t\t\t\t<\/div>\n\t\t<\/section>\n\t\t\t\t<\/div>\n\t\t","protected":false},"excerpt":{"rendered":"<p>Rauhankasvatusinstituutin hallitus vuodelle 2025 RKI:n hallituksen j\u00e4senet 2025 ovat p\u00e4\u00e4t\u00f6ksenteon, koulutuksen, nuorisoty\u00f6n, rauhan ja yhdenvertaisuuden ammattilaisia. Inka Hopsu, puheenjohtaja Anne-Mari Souto, varapuheenjohtaja Ava Dahlvik Ida Giardini Milla Ilonen Juulia J\u00e4rvenp\u00e4\u00e4 Zahra Karimy Tomi Kiilakoski Suvi Lappalainen Hannaneh Mahmoudian Elisa Sarpo Leena Suurp\u00e4\u00e4 Timo Virtala<\/p>\n","protected":false},"author":2,"featured_media":0,"parent":0,"menu_order":0,"comment_status":"closed","ping_status":"closed","template":"elementor_header_footer","meta":{"om_disable_all_campaigns":false,"_monsterinsights_skip_tracking":false,"_monsterinsights_sitenote_active":false,"_monsterinsights_sitenote_note":"","_monsterinsights_sitenote_category":0,"footnotes":"","_links_to":"","_links_to_target":""},"class_list":["post-1125","page","type-page","status-publish","hentry"],"aioseo_notices":[],"aioseo_head":"\n\t\t<!-- All in One SEO 4.9.10 - aioseo.com -->\n\t<meta name=\"description\" content=\"Rauhankasvatusinstituutin hallitus vuodelle 2025 RKI:n hallituksen j\u00e4senet 2025 ovat p\u00e4\u00e4t\u00f6ksenteon, koulutuksen, nuorisoty\u00f6n, rauhan ja yhdenvertaisuuden ammattilaisia. Inka Hopsu, puheenjohtaja Anne-Mari Souto, varapuheenjohtaja Ava Dahlvik Ida Giardini Milla Ilonen Juulia J\u00e4rvenp\u00e4\u00e4 Zahra Karimy Tomi Kiilakoski Suvi Lappalainen Hannaneh Mahmoudian Elisa Sarpo Leena Suurp\u00e4\u00e4 Timo Virtala\" \/>\n\t<meta name=\"robots\" content=\"noindex, nofollow, max-image-preview:large\" \/>\n\t<link rel=\"canonical\" href=\"https:\/\/rauhankasvatus.fi\/staging\/hallitus\/\" \/>\n\t<meta name=\"generator\" content=\"All in One SEO (AIOSEO) 4.9.10\" \/>\n\t\t<meta property=\"og:locale\" content=\"fi_FI\" \/>\n\t\t<meta property=\"og:site_name\" content=\"Rauhankasvatusinstituutti - Olemme sitoutumaton rauhanj\u00e4rjest\u00f6 kasvattajille. Visionamme on yhteiskunta, jossa yksil\u00f6t ja yhteis\u00f6t toimivat rohkeasti rauhan, tasa-arvon, yhdenvertaisuuden, antirasismin ja globaalin vastuun puolesta.\" \/>\n\t\t<meta property=\"og:type\" content=\"article\" \/>\n\t\t<meta property=\"og:title\" content=\"Hallitus - Rauhankasvatusinstituutti\" \/>\n\t\t<meta property=\"og:description\" content=\"Rauhankasvatusinstituutin hallitus vuodelle 2025 RKI:n hallituksen j\u00e4senet 2025 ovat p\u00e4\u00e4t\u00f6ksenteon, koulutuksen, nuorisoty\u00f6n, rauhan ja yhdenvertaisuuden ammattilaisia. Inka Hopsu, puheenjohtaja Anne-Mari Souto, varapuheenjohtaja Ava Dahlvik Ida Giardini Milla Ilonen Juulia J\u00e4rvenp\u00e4\u00e4 Zahra Karimy Tomi Kiilakoski Suvi Lappalainen Hannaneh Mahmoudian Elisa Sarpo Leena Suurp\u00e4\u00e4 Timo Virtala\" \/>\n\t\t<meta property=\"og:url\" content=\"https:\/\/rauhankasvatus.fi\/staging\/hallitus\/\" \/>\n\t\t<meta property=\"og:image\" content=\"https:\/\/rauhankasvatus.fi\/staging\/wp-content\/uploads\/2022\/03\/cropped-cropped-LOGO_paksu_saavutettava.png\" \/>\n\t\t<meta property=\"og:image:secure_url\" content=\"https:\/\/rauhankasvatus.fi\/staging\/wp-content\/uploads\/2022\/03\/cropped-cropped-LOGO_paksu_saavutettava.png\" \/>\n\t\t<meta property=\"article:published_time\" content=\"2021-04-26T09:38:21+00:00\" \/>\n\t\t<meta property=\"article:modified_time\" content=\"2025-01-13T07:36:18+00:00\" \/>\n\t\t<meta name=\"twitter:card\" content=\"summary\" \/>\n\t\t<meta name=\"twitter:title\" content=\"Hallitus - Rauhankasvatusinstituutti\" \/>\n\t\t<meta name=\"twitter:description\" content=\"Rauhankasvatusinstituutin hallitus vuodelle 2025 RKI:n hallituksen j\u00e4senet 2025 ovat p\u00e4\u00e4t\u00f6ksenteon, koulutuksen, nuorisoty\u00f6n, rauhan ja yhdenvertaisuuden ammattilaisia. Inka Hopsu, puheenjohtaja Anne-Mari Souto, varapuheenjohtaja Ava Dahlvik Ida Giardini Milla Ilonen Juulia J\u00e4rvenp\u00e4\u00e4 Zahra Karimy Tomi Kiilakoski Suvi Lappalainen Hannaneh Mahmoudian Elisa Sarpo Leena Suurp\u00e4\u00e4 Timo Virtala\" \/>\n\t\t<meta name=\"twitter:image\" content=\"https:\/\/rauhankasvatus.fi\/staging\/wp-content\/uploads\/2022\/03\/cropped-cropped-LOGO_paksu_saavutettava.png\" \/>\n\t\t<script type=\"application\/ld+json\" class=\"aioseo-schema\">\n\t\t\t{\"@context\":\"https:\\\/\\\/schema.org\",\"@graph\":[{\"@type\":\"BreadcrumbList\",\"@id\":\"https:\\\/\\\/rauhankasvatus.fi\\\/staging\\\/hallitus\\\/#breadcrumblist\",\"itemListElement\":[{\"@type\":\"ListItem\",\"@id\":\"https:\\\/\\\/rauhankasvatus.fi\\\/staging#listItem\",\"position\":1,\"name\":\"Home\",\"item\":\"https:\\\/\\\/rauhankasvatus.fi\\\/staging\",\"nextItem\":{\"@type\":\"ListItem\",\"@id\":\"https:\\\/\\\/rauhankasvatus.fi\\\/staging\\\/hallitus\\\/#listItem\",\"name\":\"Hallitus\"}},{\"@type\":\"ListItem\",\"@id\":\"https:\\\/\\\/rauhankasvatus.fi\\\/staging\\\/hallitus\\\/#listItem\",\"position\":2,\"name\":\"Hallitus\",\"previousItem\":{\"@type\":\"ListItem\",\"@id\":\"https:\\\/\\\/rauhankasvatus.fi\\\/staging#listItem\",\"name\":\"Home\"}}]},{\"@type\":\"Organization\",\"@id\":\"https:\\\/\\\/rauhankasvatus.fi\\\/staging\\\/#organization\",\"name\":\"My Blog\",\"description\":\"Olemme sitoutumaton rauhanj\\u00e4rjest\\u00f6 kasvattajille. Visionamme on yhteiskunta, jossa yksil\\u00f6t ja yhteis\\u00f6t toimivat rohkeasti rauhan, tasa-arvon, yhdenvertaisuuden, antirasismin ja globaalin vastuun puolesta.\",\"url\":\"https:\\\/\\\/rauhankasvatus.fi\\\/staging\\\/\",\"logo\":{\"@type\":\"ImageObject\",\"url\":\"https:\\\/\\\/rauhankasvatus.fi\\\/staging\\\/wp-content\\\/uploads\\\/2022\\\/03\\\/cropped-cropped-LOGO_paksu_saavutettava.png\",\"@id\":\"https:\\\/\\\/rauhankasvatus.fi\\\/staging\\\/hallitus\\\/#organizationLogo\",\"width\":947,\"height\":227,\"caption\":\"RKI:n oranssi logo.\"},\"image\":{\"@id\":\"https:\\\/\\\/rauhankasvatus.fi\\\/staging\\\/hallitus\\\/#organizationLogo\"}},{\"@type\":\"WebPage\",\"@id\":\"https:\\\/\\\/rauhankasvatus.fi\\\/staging\\\/hallitus\\\/#webpage\",\"url\":\"https:\\\/\\\/rauhankasvatus.fi\\\/staging\\\/hallitus\\\/\",\"name\":\"Hallitus - Rauhankasvatusinstituutti\",\"description\":\"Rauhankasvatusinstituutin hallitus vuodelle 2025 RKI:n hallituksen j\\u00e4senet 2025 ovat p\\u00e4\\u00e4t\\u00f6ksenteon, koulutuksen, nuorisoty\\u00f6n, rauhan ja yhdenvertaisuuden ammattilaisia. Inka Hopsu, puheenjohtaja Anne-Mari Souto, varapuheenjohtaja Ava Dahlvik Ida Giardini Milla Ilonen Juulia J\\u00e4rvenp\\u00e4\\u00e4 Zahra Karimy Tomi Kiilakoski Suvi Lappalainen Hannaneh Mahmoudian Elisa Sarpo Leena Suurp\\u00e4\\u00e4 Timo Virtala\",\"inLanguage\":\"fi\",\"isPartOf\":{\"@id\":\"https:\\\/\\\/rauhankasvatus.fi\\\/staging\\\/#website\"},\"breadcrumb\":{\"@id\":\"https:\\\/\\\/rauhankasvatus.fi\\\/staging\\\/hallitus\\\/#breadcrumblist\"},\"datePublished\":\"2021-04-26T09:38:21+00:00\",\"dateModified\":\"2025-01-13T07:36:18+00:00\"},{\"@type\":\"WebSite\",\"@id\":\"https:\\\/\\\/rauhankasvatus.fi\\\/staging\\\/#website\",\"url\":\"https:\\\/\\\/rauhankasvatus.fi\\\/staging\\\/\",\"name\":\"Rauhankasvatusinstituutti\",\"description\":\"Olemme sitoutumaton rauhanj\\u00e4rjest\\u00f6 kasvattajille. Visionamme on yhteiskunta, jossa yksil\\u00f6t ja yhteis\\u00f6t toimivat rohkeasti rauhan, tasa-arvon, yhdenvertaisuuden, antirasismin ja globaalin vastuun puolesta.\",\"inLanguage\":\"fi\",\"publisher\":{\"@id\":\"https:\\\/\\\/rauhankasvatus.fi\\\/staging\\\/#organization\"}}]}\n\t\t<\/script>\n\t\t<!-- All in One SEO -->\n\n","aioseo_head_json":{"title":"Hallitus - Rauhankasvatusinstituutti","description":"Rauhankasvatusinstituutin hallitus vuodelle 2025 RKI:n hallituksen j\u00e4senet 2025 ovat p\u00e4\u00e4t\u00f6ksenteon, koulutuksen, nuorisoty\u00f6n, rauhan ja yhdenvertaisuuden ammattilaisia. Inka Hopsu, puheenjohtaja Anne-Mari Souto, varapuheenjohtaja Ava Dahlvik Ida Giardini Milla Ilonen Juulia J\u00e4rvenp\u00e4\u00e4 Zahra Karimy Tomi Kiilakoski Suvi Lappalainen Hannaneh Mahmoudian Elisa Sarpo Leena Suurp\u00e4\u00e4 Timo Virtala","canonical_url":"https:\/\/rauhankasvatus.fi\/staging\/hallitus\/","robots":"noindex, nofollow, max-image-preview:large","keywords":"","webmasterTools":{"miscellaneous":""},"schema":{"@context":"https:\/\/schema.org","@graph":[{"@type":"BreadcrumbList","@id":"https:\/\/rauhankasvatus.fi\/staging\/hallitus\/#breadcrumblist","itemListElement":[{"@type":"ListItem","@id":"https:\/\/rauhankasvatus.fi\/staging#listItem","position":1,"name":"Home","item":"https:\/\/rauhankasvatus.fi\/staging","nextItem":{"@type":"ListItem","@id":"https:\/\/rauhankasvatus.fi\/staging\/hallitus\/#listItem","name":"Hallitus"}},{"@type":"ListItem","@id":"https:\/\/rauhankasvatus.fi\/staging\/hallitus\/#listItem","position":2,"name":"Hallitus","previousItem":{"@type":"ListItem","@id":"https:\/\/rauhankasvatus.fi\/staging#listItem","name":"Home"}}]},{"@type":"Organization","@id":"https:\/\/rauhankasvatus.fi\/staging\/#organization","name":"My Blog","description":"Olemme sitoutumaton rauhanj\u00e4rjest\u00f6 kasvattajille. Visionamme on yhteiskunta, jossa yksil\u00f6t ja yhteis\u00f6t toimivat rohkeasti rauhan, tasa-arvon, yhdenvertaisuuden, antirasismin ja globaalin vastuun puolesta.","url":"https:\/\/rauhankasvatus.fi\/staging\/","logo":{"@type":"ImageObject","url":"https:\/\/rauhankasvatus.fi\/staging\/wp-content\/uploads\/2022\/03\/cropped-cropped-LOGO_paksu_saavutettava.png","@id":"https:\/\/rauhankasvatus.fi\/staging\/hallitus\/#organizationLogo","width":947,"height":227,"caption":"RKI:n oranssi logo."},"image":{"@id":"https:\/\/rauhankasvatus.fi\/staging\/hallitus\/#organizationLogo"}},{"@type":"WebPage","@id":"https:\/\/rauhankasvatus.fi\/staging\/hallitus\/#webpage","url":"https:\/\/rauhankasvatus.fi\/staging\/hallitus\/","name":"Hallitus - Rauhankasvatusinstituutti","description":"Rauhankasvatusinstituutin hallitus vuodelle 2025 RKI:n hallituksen j\u00e4senet 2025 ovat p\u00e4\u00e4t\u00f6ksenteon, koulutuksen, nuorisoty\u00f6n, rauhan ja yhdenvertaisuuden ammattilaisia. Inka Hopsu, puheenjohtaja Anne-Mari Souto, varapuheenjohtaja Ava Dahlvik Ida Giardini Milla Ilonen Juulia J\u00e4rvenp\u00e4\u00e4 Zahra Karimy Tomi Kiilakoski Suvi Lappalainen Hannaneh Mahmoudian Elisa Sarpo Leena Suurp\u00e4\u00e4 Timo Virtala","inLanguage":"fi","isPartOf":{"@id":"https:\/\/rauhankasvatus.fi\/staging\/#website"},"breadcrumb":{"@id":"https:\/\/rauhankasvatus.fi\/staging\/hallitus\/#breadcrumblist"},"datePublished":"2021-04-26T09:38:21+00:00","dateModified":"2025-01-13T07:36:18+00:00"},{"@type":"WebSite","@id":"https:\/\/rauhankasvatus.fi\/staging\/#website","url":"https:\/\/rauhankasvatus.fi\/staging\/","name":"Rauhankasvatusinstituutti","description":"Olemme sitoutumaton rauhanj\u00e4rjest\u00f6 kasvattajille. Visionamme on yhteiskunta, jossa yksil\u00f6t ja yhteis\u00f6t toimivat rohkeasti rauhan, tasa-arvon, yhdenvertaisuuden, antirasismin ja globaalin vastuun puolesta.","inLanguage":"fi","publisher":{"@id":"https:\/\/rauhankasvatus.fi\/staging\/#organization"}}]},"og:locale":"fi_FI","og:site_name":"Rauhankasvatusinstituutti - Olemme sitoutumaton rauhanj\u00e4rjest\u00f6 kasvattajille. Visionamme on yhteiskunta, jossa yksil\u00f6t ja yhteis\u00f6t toimivat rohkeasti rauhan, tasa-arvon, yhdenvertaisuuden, antirasismin ja globaalin vastuun puolesta.","og:type":"article","og:title":"Hallitus - Rauhankasvatusinstituutti","og:description":"Rauhankasvatusinstituutin hallitus vuodelle 2025 RKI:n hallituksen j\u00e4senet 2025 ovat p\u00e4\u00e4t\u00f6ksenteon, koulutuksen, nuorisoty\u00f6n, rauhan ja yhdenvertaisuuden ammattilaisia. Inka Hopsu, puheenjohtaja Anne-Mari Souto, varapuheenjohtaja Ava Dahlvik Ida Giardini Milla Ilonen Juulia J\u00e4rvenp\u00e4\u00e4 Zahra Karimy Tomi Kiilakoski Suvi Lappalainen Hannaneh Mahmoudian Elisa Sarpo Leena Suurp\u00e4\u00e4 Timo Virtala","og:url":"https:\/\/rauhankasvatus.fi\/staging\/hallitus\/","og:image":"https:\/\/rauhankasvatus.fi\/staging\/wp-content\/uploads\/2022\/03\/cropped-cropped-LOGO_paksu_saavutettava.png","og:image:secure_url":"https:\/\/rauhankasvatus.fi\/staging\/wp-content\/uploads\/2022\/03\/cropped-cropped-LOGO_paksu_saavutettava.png","article:published_time":"2021-04-26T09:38:21+00:00","article:modified_time":"2025-01-13T07:36:18+00:00","twitter:card":"summary","twitter:title":"Hallitus - Rauhankasvatusinstituutti","twitter:description":"Rauhankasvatusinstituutin hallitus vuodelle 2025 RKI:n hallituksen j\u00e4senet 2025 ovat p\u00e4\u00e4t\u00f6ksenteon, koulutuksen, nuorisoty\u00f6n, rauhan ja yhdenvertaisuuden ammattilaisia. Inka Hopsu, puheenjohtaja Anne-Mari Souto, varapuheenjohtaja Ava Dahlvik Ida Giardini Milla Ilonen Juulia J\u00e4rvenp\u00e4\u00e4 Zahra Karimy Tomi Kiilakoski Suvi Lappalainen Hannaneh Mahmoudian Elisa Sarpo Leena Suurp\u00e4\u00e4 Timo Virtala","twitter:image":"https:\/\/rauhankasvatus.fi\/staging\/wp-content\/uploads\/2022\/03\/cropped-cropped-LOGO_paksu_saavutettava.png"},"aioseo_meta_data":{"post_id":"1125","title":"#post_title #separator_sa #site_title","description":"#post_content","keywords":[],"keyphrases":{"focus":[],"additional":[]},"primary_term":null,"canonical_url":null,"og_title":null,"og_description":null,"og_object_type":"default","og_image_type":"default","og_image_url":null,"og_image_width":null,"og_image_height":null,"og_image_custom_url":null,"og_image_custom_fields":null,"og_video":"","og_custom_url":null,"og_article_section":null,"og_article_tags":[],"twitter_use_og":false,"twitter_card":"default","twitter_image_type":"default","twitter_image_url":null,"twitter_image_custom_url":null,"twitter_image_custom_fields":null,"twitter_title":null,"twitter_description":null,"schema":{"blockGraphs":[],"customGraphs":[],"default":{"data":{"Article":[],"Course":[],"Dataset":[],"FAQPage":[],"Movie":[],"Person":[],"Product":[],"ProductReview":[],"Car":[],"Recipe":[],"Service":[],"SoftwareApplication":[],"WebPage":[]},"graphName":"","isEnabled":true},"graphs":[]},"schema_type":"none","schema_type_options":"{\"webPage\":{\"webPageType\":\"WebPage\"},\"article\":{\"articleType\":\"BlogPosting\"},\"book\":[],\"course\":[],\"event\":[],\"jobPosting\":[],\"music\":[],\"person\":[],\"product\":[],\"recipe\":[],\"restaurant\":[],\"service\":[],\"software\":[],\"video\":[]}","pillar_content":false,"robots_default":true,"robots_noindex":false,"robots_noarchive":false,"robots_nosnippet":false,"robots_nofollow":false,"robots_noimageindex":false,"robots_noodp":false,"robots_notranslate":false,"robots_max_snippet":"-1","robots_max_videopreview":"-1","robots_max_imagepreview":"large","priority":null,"frequency":"default","local_seo":{"businessInfo":{"name":"","urls":{"website":"","aboutPage":"","contactPage":""},"address":{"line1":"","line2":"","zip":"","city":"","state":"","country":""},"contact":{"email":"","phone":"","fax":""},"ids":{"vatID":"","taxID":"","chamberID":""},"payment":{"priceIndication":"","currenciesAccepted":"","methodsAccepted":""},"areaServed":""},"openingHours":{"show":false,"closedLabel":"","open24h":false,"open24hLabel":"","open247":false,"use24hFormat":false,"twoSets":false,"timezone":"","hours":[]}},"breadcrumb_settings":null,"limit_modified_date":false,"ai":null,"created":"2021-04-26 09:38:21","updated":"2025-06-10 15:20:49","seo_analyzer_scan_date":null},"_links":{"self":[{"href":"https:\/\/rauhankasvatus.fi\/staging\/wp-json\/wp\/v2\/pages\/1125","targetHints":{"allow":["GET"]}}],"collection":[{"href":"https:\/\/rauhankasvatus.fi\/staging\/wp-json\/wp\/v2\/pages"}],"about":[{"href":"https:\/\/rauhankasvatus.fi\/staging\/wp-json\/wp\/v2\/types\/page"}],"author":[{"embeddable":true,"href":"https:\/\/rauhankasvatus.fi\/staging\/wp-json\/wp\/v2\/users\/2"}],"replies":[{"embeddable":true,"href":"https:\/\/rauhankasvatus.fi\/staging\/wp-json\/wp\/v2\/comments?post=1125"}],"version-history":[{"count":37,"href":"https:\/\/rauhankasvatus.fi\/staging\/wp-json\/wp\/v2\/pages\/1125\/revisions"}],"predecessor-version":[{"id":33229,"href":"https:\/\/rauhankasvatus.fi\/staging\/wp-json\/wp\/v2\/pages\/1125\/revisions\/33229"}],"wp:attachment":[{"href":"https:\/\/rauhankasvatus.fi\/staging\/wp-json\/wp\/v2\/media?parent=1125"}],"curies":[{"name":"wp","href":"https:\/\/api.w.org\/{rel}","templated":true}]}}